{"id":9654,"date":"2019-01-28T09:00:00","date_gmt":"2019-01-28T09:00:00","guid":{"rendered":"https:\/\/rossifest.estrela.io\/?page_id=9654"},"modified":"2026-07-20T18:22:57","modified_gmt":"2026-07-20T18:22:57","slug":"en-majstorski-kurs-solo-pevanja-2019","status":"publish","type":"page","link":"https:\/\/rossifest.estrela.io\/en\/en-2019\/en-majstorski-kurs-solo-pevanja-2019\/","title":{"rendered":"Masterclass with Claudia Eder"},"content":{"rendered":"\n<h3 class=\"has-text-align-center wp-block-heading\">Opera Singing Masterclass with Prof. Claudia Eder and<br>\nconcert of the participants<\/h3>\n\n\n\n<p class=\"has-text-align-center wp-block-paragraph\">Museum of the National Theater in Belgrade<\/p>\n\n\n\n<p class=\"has-text-align-center wp-block-paragraph\">25.-28. January 2019<\/p>\n\n\n\n<h6 class=\"has-text-align-center wp-block-heading\">\u200b<\/h6>\n\n\n\n<p class=\"has-text-align-justify wp-block-paragraph\">After a successful and well-attended <em>Rossi Fest 2018<\/em> Opera singing masterclass, we have decided to include the Opera singing masterclass in the next festival edition as well. This time <em>Rossi Fest<\/em> will have the honor to welcome a renowned concert and operatic mezzo-soprano, professor of the\u00a0<em>College of Music in Mainz,<\/em> and a member of the\u00a0<em>European Academy of Science and Arts<\/em> &#8211; prof. Claudia Eder. The participants will have three individual sessions with Professor Eder and a pianist, and at the end of the course, a concert will be held at the Museum of the National Theater in Belgrade.<\/p>\n\n\n\n<figure class=\"wp-block-image\"><img data-recalc-dims=\"1\" decoding=\"async\" src=\"https:\/\/i0.wp.com\/rossifest.estrela.io\/wp-content\/uploads\/2026\/07\/slika-2.jpg?w=1200&#038;ssl=1\" alt=\"slika 2.jpg\"\/><\/figure>\n\n\n\n<p class=\"has-text-align-justify wp-block-paragraph\">Claudia Eder has studied Singing and the Violoncello at the <em>Hochschule f\u00fcr Musik und Theater M\u00fcnchen<\/em> and the <em>Hochschule f\u00fcr Musik und Darstellende Kunst Frankfurt am Main<\/em>. Her studies were continued in Milan and Budapest. She debuted at age 25 in the role of <em>La Muse<\/em> \/ <em>Niklausse<\/em>in <em>The Tales of Hoffman<\/em>. This was followed by appearances at the <em>Hessischen Staatstheater<\/em> in Wiesbaden as well as the <em>Staatstheater am G\u00e4rtnerplatz<\/em>. Following this, she appeared at the <em>Deutsche Oper am Rhein in D\u00fcsseldorf<\/em> and the <em>Volksoper Wien<\/em>. Countless guest contracts led Claudia to the major <em>European and international stages<\/em>, these included appearances in Barcelona, Madrid, London, Turin, Venice, Rome, Paris, Geneva, Antwerp, New York, Chicago, Los Angeles, and Tokyo.<\/p>\n\n\n\n<p class=\"has-text-align-justify wp-block-paragraph\">She has also worked with the Salzburger Festspielen, the <em>Wiener Festwochen<\/em>, the Donaueschinger Musiktagen, and the <em>Schleswig-Holstein Musik Festival<\/em>. Claudia Eder received a professorship for Singing at the Hochschule f\u00fcr Musik Mainz. Here she founded the 2004 International Summer School <em>Singing Summer<\/em>\u00a0and in the year 2010 <em>BAROCK VOKAL<\/em>, an excellent program for aspiring Opera and Concert Singers. Alongside this, she also teaches Masters courses locally and internationally. In the year 2009, under her leadership, the Department of Singing was awarded the prize <em>Leistungen in Studium, Lehre und k\u00fcnstlerischer Entwicklungsarbeit<\/em>\u00a0by the Exzellenzwettbewerb des Landes Rheinland-Pfalz. She has since 1991 been working as a project leader, stage director, and vocal coach for the <em>Internationale Festival f\u00fcr junge Operns\u00e4nger<\/em> by the Kammeroper Schloss Rheinsberg. Besides her plethora of tasks, Claudia Eder is also active on international stages as a song and concert singer. Her repertoire reaches from the Renaissance over the Barock era reaching into the Modern era of the genres opera, song, and oratorio arts. Claudia Eder is a member of the <em>Akademie der Wissenschaften, Literatur Mainz und Musik,<\/em>\u00a0and also a member of the <em>European Academy of Sciences and Arts<\/em>.<\/p>\n\n\n\n<figure class=\"wp-block-gallery has-nested-images columns-default is-cropped wp-block-gallery-1 is-layout-flex wp-block-gallery-is-layout-flex\">\n\n\n<figure class=\"wp-block-image\"><img data-recalc-dims=\"1\" decoding=\"async\" src=\"https:\/\/i0.wp.com\/static.wixstatic.com\/media\/59f535_2b911f3e0e3f4e3e8aa509292db3f00f~mv2.jpg\/v1\/fill\/w_147%2Ch_98%2Cal_c%2Cq_80%2Cusm_0.66_1.00_0.01%2Cblur_2%2Cenc_avif%2Cquality_auto\/59f535_2b911f3e0e3f4e3e8aa509292db3f00f~mv2.jpg?w=1200&#038;ssl=1\" alt=\"\"\/><\/figure>\n\n\n\n<figure class=\"wp-block-image\"><img data-recalc-dims=\"1\" decoding=\"async\" src=\"https:\/\/i0.wp.com\/rossifest.estrela.io\/wp-content\/uploads\/2026\/07\/img-2064.jpg?w=1200&#038;ssl=1\" alt=\"\"\/><\/figure>\n\n\n\n<figure class=\"wp-block-image\"><img data-recalc-dims=\"1\" decoding=\"async\" src=\"https:\/\/i0.wp.com\/rossifest.estrela.io\/wp-content\/uploads\/2026\/07\/img-2068.jpg?w=1200&#038;ssl=1\" alt=\"\"\/><\/figure>\n\n\n\n<figure class=\"wp-block-image\"><img data-recalc-dims=\"1\" decoding=\"async\" src=\"https:\/\/i0.wp.com\/static.wixstatic.com\/media\/59f535_eb76d98301ab4a2c8260bd6d3d4e65f9~mv2.jpg\/v1\/fill\/w_147%2Ch_98%2Cal_c%2Cq_80%2Cusm_0.66_1.00_0.01%2Cblur_2%2Cenc_avif%2Cquality_auto\/59f535_eb76d98301ab4a2c8260bd6d3d4e65f9~mv2.jpg?w=1200&#038;ssl=1\" alt=\"\"\/><\/figure>\n\n\n\n<figure class=\"wp-block-image\"><img data-recalc-dims=\"1\" decoding=\"async\" src=\"https:\/\/i0.wp.com\/static.wixstatic.com\/media\/59f535_8adfc646ef444c94bb8d27d67d1d59e8~mv2.jpg\/v1\/fill\/w_147%2Ch_98%2Cal_c%2Cq_80%2Cusm_0.66_1.00_0.01%2Cblur_2%2Cenc_avif%2Cquality_auto\/59f535_8adfc646ef444c94bb8d27d67d1d59e8~mv2.jpg?w=1200&#038;ssl=1\" alt=\"\"\/><\/figure>\n\n\n\n<figure class=\"wp-block-image\"><img data-recalc-dims=\"1\" decoding=\"async\" src=\"https:\/\/i0.wp.com\/rossifest.estrela.io\/wp-content\/uploads\/2026\/07\/ev2a5236.jpg?w=1200&#038;ssl=1\" alt=\"\"\/><\/figure>\n\n\n\n<figure class=\"wp-block-image\"><img data-recalc-dims=\"1\" decoding=\"async\" src=\"https:\/\/i0.wp.com\/static.wixstatic.com\/media\/59f535_9c98a73b935846d585ccd47cc90441e2~mv2.jpg\/v1\/fill\/w_147%2Ch_98%2Cal_c%2Cq_80%2Cusm_0.66_1.00_0.01%2Cblur_2%2Cenc_avif%2Cquality_auto\/59f535_9c98a73b935846d585ccd47cc90441e2~mv2.jpg?w=1200&#038;ssl=1\" alt=\"\"\/><\/figure>\n\n\n\n<figure class=\"wp-block-image\"><img data-recalc-dims=\"1\" decoding=\"async\" src=\"https:\/\/i0.wp.com\/static.wixstatic.com\/media\/59f535_21c3f4864e604a5aa8e636a48d2e7ea8~mv2.jpg\/v1\/fill\/w_147%2Ch_98%2Cal_c%2Cq_80%2Cusm_0.66_1.00_0.01%2Cblur_2%2Cenc_avif%2Cquality_auto\/59f535_21c3f4864e604a5aa8e636a48d2e7ea8~mv2.jpg?w=1200&#038;ssl=1\" alt=\"\"\/><\/figure>\n\n\n\n<figure class=\"wp-block-image\"><img data-recalc-dims=\"1\" decoding=\"async\" src=\"https:\/\/i0.wp.com\/static.wixstatic.com\/media\/59f535_094465f8924a47de8fe12628843fb58f~mv2.jpg\/v1\/fill\/w_147%2Ch_220%2Cal_c%2Cq_80%2Cusm_0.66_1.00_0.01%2Cblur_2%2Cenc_avif%2Cquality_auto\/59f535_094465f8924a47de8fe12628843fb58f~mv2.jpg?w=1200&#038;ssl=1\" alt=\"\"\/><\/figure>\n\n\n\n<figure class=\"wp-block-image\"><img data-recalc-dims=\"1\" decoding=\"async\" src=\"https:\/\/i0.wp.com\/static.wixstatic.com\/media\/59f535_ea35fad28c5e4dcf86d9bc843bce399f~mv2.jpg\/v1\/fill\/w_147%2Ch_98%2Cal_c%2Cq_80%2Cusm_0.66_1.00_0.01%2Cblur_2%2Cenc_avif%2Cquality_auto\/59f535_ea35fad28c5e4dcf86d9bc843bce399f~mv2.jpg?w=1200&#038;ssl=1\" alt=\"\"\/><\/figure>\n\n\n<\/figure>\n","protected":false},"excerpt":{"rendered":"<p>Opera singing masterclass with Prof. Claudia Eder and concert of the participants. Museum of the national theater in Belgrade. 25.-28. January 2019.<\/p>\n","protected":false},"author":8,"featured_media":0,"parent":10429,"menu_order":0,"comment_status":"closed","ping_status":"closed","template":"","meta":{"ocean_post_layout":"","ocean_both_sidebars_style":"","ocean_both_sidebars_content_width":0,"ocean_both_sidebars_sidebars_width":0,"ocean_sidebar":"","ocean_second_sidebar":"","ocean_disable_margins":"enable","ocean_add_body_class":"","ocean_shortcode_before_top_bar":"","ocean_shortcode_after_top_bar":"","ocean_shortcode_before_header":"","ocean_shortcode_after_header":"","ocean_has_shortcode":"","ocean_shortcode_after_title":"","ocean_shortcode_before_footer_widgets":"","ocean_shortcode_after_footer_widgets":"","ocean_shortcode_before_footer_bottom":"","ocean_shortcode_after_footer_bottom":"","ocean_display_top_bar":"default","ocean_display_header":"default","ocean_header_style":"","ocean_center_header_left_menu":"","ocean_custom_header_template":"","ocean_custom_logo":0,"ocean_custom_retina_logo":0,"ocean_custom_logo_max_width":0,"ocean_custom_logo_tablet_max_width":0,"ocean_custom_logo_mobile_max_width":0,"ocean_custom_logo_max_height":0,"ocean_custom_logo_tablet_max_height":0,"ocean_custom_logo_mobile_max_height":0,"ocean_header_custom_menu":"","ocean_menu_typo_font_family":"","ocean_menu_typo_font_subset":"","ocean_menu_typo_font_size":0,"ocean_menu_typo_font_size_tablet":0,"ocean_menu_typo_font_size_mobile":0,"ocean_menu_typo_font_size_unit":"px","ocean_menu_typo_font_weight":"","ocean_menu_typo_font_weight_tablet":"","ocean_menu_typo_font_weight_mobile":"","ocean_menu_typo_transform":"","ocean_menu_typo_transform_tablet":"","ocean_menu_typo_transform_mobile":"","ocean_menu_typo_line_height":0,"ocean_menu_typo_line_height_tablet":0,"ocean_menu_typo_line_height_mobile":0,"ocean_menu_typo_line_height_unit":"","ocean_menu_typo_spacing":0,"ocean_menu_typo_spacing_tablet":0,"ocean_menu_typo_spacing_mobile":0,"ocean_menu_typo_spacing_unit":"","ocean_menu_link_color":"","ocean_menu_link_color_hover":"","ocean_menu_link_color_active":"","ocean_menu_link_background":"","ocean_menu_link_hover_background":"","ocean_menu_link_active_background":"","ocean_menu_social_links_bg":"","ocean_menu_social_hover_links_bg":"","ocean_menu_social_links_color":"","ocean_menu_social_hover_links_color":"","ocean_disable_title":"default","ocean_disable_heading":"default","ocean_post_title":"","ocean_post_subheading":"","ocean_post_title_style":"","ocean_post_title_background_color":"","ocean_post_title_background":0,"ocean_post_title_bg_image_position":"","ocean_post_title_bg_image_attachment":"","ocean_post_title_bg_image_repeat":"","ocean_post_title_bg_image_size":"","ocean_post_title_height":0,"ocean_post_title_bg_overlay":0.5,"ocean_post_title_bg_overlay_color":"","ocean_disable_breadcrumbs":"default","ocean_breadcrumbs_color":"","ocean_breadcrumbs_separator_color":"","ocean_breadcrumbs_links_color":"","ocean_breadcrumbs_links_hover_color":"","ocean_display_footer_widgets":"default","ocean_display_footer_bottom":"default","ocean_custom_footer_template":"","footnotes":""},"class_list":["post-9654","page","type-page","status-publish","hentry","entry"],"jetpack_sharing_enabled":true,"jetpack-related-posts":[{"id":10429,"url":"https:\/\/rossifest.estrela.io\/en\/en-2019\/","url_meta":{"origin":9654,"position":0},"title":"2019","author":"claudia","date":"15 January 2019","format":false,"excerpt":"Program and participants of the festival from 2019. Movie projection - Hebreo: Searching for Salomone Rossi; Masterclass in opera singing: Klaudija Eder; Portraits and rememberence; Open call for young composers; \u201cL'incoronazione di Poppea\u201d, Claudio Monteverdi with ensemble BAROK VOKAL","rel":"","context":"Similar post","block_context":{"text":"Similar post","link":""},"img":{"alt_text":"","src":"https:\/\/i0.wp.com\/rossifest.estrela.io\/wp-content\/uploads\/RF19%20resized%20photos\/20190127%20Predavanja\/EV2A5141.jpg?resize=350%2C200&ssl=1","width":350,"height":200,"srcset":"https:\/\/i0.wp.com\/rossifest.estrela.io\/wp-content\/uploads\/RF19%20resized%20photos\/20190127%20Predavanja\/EV2A5141.jpg?resize=350%2C200&ssl=1 1x, https:\/\/i0.wp.com\/rossifest.estrela.io\/wp-content\/uploads\/RF19%20resized%20photos\/20190127%20Predavanja\/EV2A5141.jpg?resize=525%2C300&ssl=1 1.5x, https:\/\/i0.wp.com\/rossifest.estrela.io\/wp-content\/uploads\/RF19%20resized%20photos\/20190127%20Predavanja\/EV2A5141.jpg?resize=700%2C400&ssl=1 2x, https:\/\/i0.wp.com\/rossifest.estrela.io\/wp-content\/uploads\/RF19%20resized%20photos\/20190127%20Predavanja\/EV2A5141.jpg?resize=1050%2C600&ssl=1 3x, https:\/\/i0.wp.com\/rossifest.estrela.io\/wp-content\/uploads\/RF19%20resized%20photos\/20190127%20Predavanja\/EV2A5141.jpg?resize=1400%2C800&ssl=1 4x"},"classes":[]},{"id":9662,"url":"https:\/\/rossifest.estrela.io\/en\/en-2018\/en-koncert-polaznika-majstorskog-kursa\/","url_meta":{"origin":9654,"position":1},"title":"Final concert of the Opera singing masterclass","author":"claudia","date":"28 January 2018","format":false,"excerpt":"concert at Ra\u0161a Plaovi\u0107 Stage of the National Theatre in Belgrade, where the participants presented the programe they were working on during the previous days of the Masterclass. 28. january 2018","rel":"","context":"Similar post","block_context":{"text":"Similar post","link":""},"img":{"alt_text":"","src":"","width":0,"height":0},"classes":[]},{"id":9661,"url":"https:\/\/rossifest.estrela.io\/en\/en-2020\/","url_meta":{"origin":9654,"position":2},"title":"2020","author":"claudia","date":"27 January 2020","format":false,"excerpt":"Program and participants of the third edition of the festival that will be held between 25. and 28. January 2020.","rel":"","context":"Similar post","block_context":{"text":"Similar post","link":""},"img":{"alt_text":"sponzori 2020 crno.png","src":"https:\/\/i0.wp.com\/rossifest.estrela.io\/wp-content\/uploads\/2026\/07\/sponzori-2020-crno.png?resize=350%2C200&ssl=1","width":350,"height":200,"srcset":"https:\/\/i0.wp.com\/rossifest.estrela.io\/wp-content\/uploads\/2026\/07\/sponzori-2020-crno.png?resize=350%2C200&ssl=1 1x, https:\/\/i0.wp.com\/rossifest.estrela.io\/wp-content\/uploads\/2026\/07\/sponzori-2020-crno.png?resize=525%2C300&ssl=1 1.5x, https:\/\/i0.wp.com\/rossifest.estrela.io\/wp-content\/uploads\/2026\/07\/sponzori-2020-crno.png?resize=700%2C400&ssl=1 2x, https:\/\/i0.wp.com\/rossifest.estrela.io\/wp-content\/uploads\/2026\/07\/sponzori-2020-crno.png?resize=1050%2C600&ssl=1 3x, https:\/\/i0.wp.com\/rossifest.estrela.io\/wp-content\/uploads\/2026\/07\/sponzori-2020-crno.png?resize=1400%2C800&ssl=1 4x"},"classes":[]},{"id":9632,"url":"https:\/\/rossifest.estrela.io\/en\/en-2018\/en-majstorski-kurs-olga-makarina\/","url_meta":{"origin":9654,"position":3},"title":"Masterclass: Olga Makarina","author":"claudia","date":"27 January 2018","format":false,"excerpt":"A special place in the programe goes to Opera singing masterclass and the honor to host a renowned soprano from Metropolitan Opera, Ms. Olga Makarina. 25.-27. january 2018.","rel":"","context":"Similar post","block_context":{"text":"Similar post","link":""},"img":{"alt_text":"","src":"","width":0,"height":0},"classes":[]},{"id":9667,"url":"https:\/\/rossifest.estrela.io\/en\/en-2021\/","url_meta":{"origin":9654,"position":4},"title":"2021","author":"claudia","date":"15 January 2021","format":false,"excerpt":"Program and participants of the third edition of the festival that will be held between 24. January - 02. February 2021.","rel":"","context":"Similar post","block_context":{"text":"Similar post","link":""},"img":{"alt_text":"","src":"","width":0,"height":0},"classes":[]},{"id":9647,"url":"https:\/\/rossifest.estrela.io\/en\/en-2020\/en-majstorski-kursevi\/","url_meta":{"origin":9654,"position":5},"title":"Masterclasses","author":"claudia","date":"15 January 2020","format":false,"excerpt":"Majstorski kurs operskog pevanja sa Olgom Makarinom i nem\u010dki lied sa Sanjom Radi\u0161i\u0107 (Alessandra di Giorgio)","rel":"","context":"Similar post","block_context":{"text":"Similar post","link":""},"img":{"alt_text":"","src":"","width":0,"height":0},"classes":[]}],"_links":{"self":[{"href":"https:\/\/rossifest.estrela.io\/en\/wp-json\/wp\/v2\/pages\/9654","targetHints":{"allow":["GET"]}}],"collection":[{"href":"https:\/\/rossifest.estrela.io\/en\/wp-json\/wp\/v2\/pages"}],"about":[{"href":"https:\/\/rossifest.estrela.io\/en\/wp-json\/wp\/v2\/types\/page"}],"author":[{"embeddable":true,"href":"https:\/\/rossifest.estrela.io\/en\/wp-json\/wp\/v2\/users\/8"}],"replies":[{"embeddable":true,"href":"https:\/\/rossifest.estrela.io\/en\/wp-json\/wp\/v2\/comments?post=9654"}],"version-history":[{"count":4,"href":"https:\/\/rossifest.estrela.io\/en\/wp-json\/wp\/v2\/pages\/9654\/revisions"}],"predecessor-version":[{"id":11077,"href":"https:\/\/rossifest.estrela.io\/en\/wp-json\/wp\/v2\/pages\/9654\/revisions\/11077"}],"up":[{"embeddable":true,"href":"https:\/\/rossifest.estrela.io\/en\/wp-json\/wp\/v2\/pages\/10429"}],"wp:attachment":[{"href":"https:\/\/rossifest.estrela.io\/en\/wp-json\/wp\/v2\/media?parent=9654"}],"curies":[{"name":"wp","href":"https:\/\/api.w.org\/{rel}","templated":true}]}}